{"id":428,"date":"2025-03-16T17:46:10","date_gmt":"2025-03-16T16:46:10","guid":{"rendered":"https:\/\/ecoliers-cyclistes.avelomalo.fr\/?page_id=428"},"modified":"2025-03-20T20:52:51","modified_gmt":"2025-03-20T19:52:51","slug":"referentiel-des-ecoles-v2","status":"publish","type":"page","link":"https:\/\/ecoliers-cyclistes.avelomalo.fr\/index.php\/referentiel-des-ecoles-v2\/","title":{"rendered":"R\u00e9f\u00e9rentiel des Ecoles"},"content":{"rendered":"\n<p>Cette page pr\u00e9sente la liste des \u00e9coles. Pour chacune des \u00e9coles \u00e9l\u00e9mentaires de St Malo Agglo, on trouve son &#8216;adresse, sa commune, l&#8217;\u00e9tat d&#8217;inscription (confirm\u00e9 ou en attente), le nombre d&#8217;\u00e9l\u00e8ves participants et le nom du r\u00e9f\u00e9rent. Si un r\u00e9f\u00e9rent souhaite faire corriger une information, il lui suffit d&#8217;adresser un mail \u00e0 contact@avelomalo.fr. La mise \u00e0 jour sera faite sous 24h.<\/p>\n\n\n\n<!DOCTYPE html>\n<html lang=\"fr\">\n<head>\n    <meta charset=\"UTF-8\">\n    <title>Affichage des donn\u00e9es<\/title>\n    <style>    \n        .button {\n            position: relative;\n            left: 14cm; \/* D\u00e9place le bouton de 5 cm \u00e0 droite *\/\n        }\n\n\ntable {\n    width: 120%; \/* Ajuste la largeur du tableau \u00e0 100% de la largeur de son conteneur *\/\n    table-layout: fixed; \/* Fixe la largeur des colonnes *\/\n}\n\nth, td {\n    padding: 10px; \/* Ajoute de l'espace autour du texte dans les cellules *\/\n    word-wrap: break-word; \/* Permet de couper les mots pour \u00e9viter les d\u00e9bordements *\/\n   }\n\nth {\n    width: 60%; \/* Ajuste la largeur des colonnes d'en-t\u00eate *\/\n   }\n\ntd {\n    width: 60%; \/* Ajuste la largeur des colonnes de donn\u00e9es *\/\n   } \n\n#result {\n    display: none;\n   }\n#message {\n    color: green;\n    font-weight: bold;\n    }\n    <\/style>\n<\/head>\n<body>\n\n<div id=\"result\"><\/div>\n<p id=\"message\"><\/p>\n    \n\n <script>\n\n\/\/ Appeler la fonction lectureDatabase() d\u00e8s que la page est charg\u00e9e\n        window.onload = function() {\n            lectureDatabase();\n        };\n\n\n function lectureDatabase() {\n     var xhr = new XMLHttpRequest();\n     xhr.open(\"GET\", \"https:\/\/ecoliers-cyclistes.avelomalo.fr\/wp-content\/php-scripts-jbj\/lire-referentiel.php\", true);\n        xhr.onreadystatechange = function() {\n        if (xhr.readyState === 4) {\n           if (xhr.status === 200) {\n           document.getElementById('result').innerHTML = xhr.responseText;\n           document.getElementById('result').style.display = 'block';\n           var currentTime = new Date().toLocaleTimeString();\n    document.getElementById('result').innerHTML += \"<p>Heure actuelle : \" + currentTime + \"<\/p>\";\n    document.getElementById('result').innerHTML += \"<p>\u00c0 Bient\u00f4t<\/p>\";\n        } else {\n   document.getElementById('message').innerText = \"Erreur lors de la requ\u00eate : \" + xhr.status + \" \" + xhr.statusText;\n              }\n           }\n        };\n     xhr.onerror = function() {\n     document.getElementById('message').innerText = \"Erreur de connexion.\";\n        };\n     xhr.send();\n        }\n    <\/script>\n<\/body>\n<\/html>\n","protected":false},"excerpt":{"rendered":"<p>Cette page pr\u00e9sente la liste des \u00e9coles. Pour chacune des \u00e9coles \u00e9l\u00e9mentaires de St Malo Agglo, on trouve son &#8216;adresse, sa commune, l&#8217;\u00e9tat d&#8217;inscription (confirm\u00e9 ou en attente), le nombre d&#8217;\u00e9l\u00e8ves participants et le nom du r\u00e9f\u00e9rent. Si un r\u00e9f\u00e9rent souhaite faire corriger une information, il lui suffit d&#8217;adresser un mail \u00e0 contact@avelomalo.fr. La mise [&hellip;]<\/p>\n","protected":false},"author":1,"featured_media":0,"parent":0,"menu_order":0,"comment_status":"closed","ping_status":"closed","template":"","meta":{"footnotes":""},"class_list":["post-428","page","type-page","status-publish","hentry"],"_links":{"self":[{"href":"https:\/\/ecoliers-cyclistes.avelomalo.fr\/index.php\/wp-json\/wp\/v2\/pages\/428","targetHints":{"allow":["GET"]}}],"collection":[{"href":"https:\/\/ecoliers-cyclistes.avelomalo.fr\/index.php\/wp-json\/wp\/v2\/pages"}],"about":[{"href":"https:\/\/ecoliers-cyclistes.avelomalo.fr\/index.php\/wp-json\/wp\/v2\/types\/page"}],"author":[{"embeddable":true,"href":"https:\/\/ecoliers-cyclistes.avelomalo.fr\/index.php\/wp-json\/wp\/v2\/users\/1"}],"replies":[{"embeddable":true,"href":"https:\/\/ecoliers-cyclistes.avelomalo.fr\/index.php\/wp-json\/wp\/v2\/comments?post=428"}],"version-history":[{"count":22,"href":"https:\/\/ecoliers-cyclistes.avelomalo.fr\/index.php\/wp-json\/wp\/v2\/pages\/428\/revisions"}],"predecessor-version":[{"id":875,"href":"https:\/\/ecoliers-cyclistes.avelomalo.fr\/index.php\/wp-json\/wp\/v2\/pages\/428\/revisions\/875"}],"wp:attachment":[{"href":"https:\/\/ecoliers-cyclistes.avelomalo.fr\/index.php\/wp-json\/wp\/v2\/media?parent=428"}],"curies":[{"name":"wp","href":"https:\/\/api.w.org\/{rel}","templated":true}]}}