{"id":263,"date":"2025-03-04T12:44:36","date_gmt":"2025-03-04T11:44:36","guid":{"rendered":"https:\/\/ecoliers-cyclistes.avelomalo.fr\/?page_id=263"},"modified":"2025-03-20T19:56:08","modified_gmt":"2025-03-20T18:56:08","slug":"inscription","status":"publish","type":"page","link":"https:\/\/ecoliers-cyclistes.avelomalo.fr\/index.php\/inscription\/","title":{"rendered":"Inscription"},"content":{"rendered":"\n<p>L&#8217;\u00e9cole souhaitant participer \u00e0 la Semaine des Ecoliers Cyclistes d\u00e9signe un R\u00e9f\u00e9rent, au sein de l&#8217;\u00e9quipe \u00e9ducative.<\/p>\n\n\n\n<p>Ce R\u00e9f\u00e9rent envoie un mail \u00e0 contact@Av\u00e9loMalo.fr, en indiquant le nom de l&#8217;\u00e9cole, le nom du r\u00e9f\u00e9rent, une adresse mail et\/ou un num\u00e9ro de t\u00e9l\u00e9phone et le nombre d&#8217;\u00e9l\u00e8ves inscrits \u00e0 la Semaine (cela permettra de calculer le taux de participation \u00e0 l&#8217;issue du challenge).<\/p>\n\n\n\n<p><em>Taux de participation = ( nb d&#8217;\u00e9l\u00e8ves \u00e9tant venus \u00e0 v\u00e9lo \u00e0 l&#8217;\u00e9cole le lundi + nb d&#8217;\u00e9l\u00e8ves \u00e9tant venus \u00e0 v\u00e9lo \u00e0 l&#8217;\u00e9cole le mardi + nb d&#8217;\u00e9l\u00e8ves \u00e9tant venus \u00e0 v\u00e9lo \u00e0 l&#8217;\u00e9cole le jeudi + nb d&#8217;\u00e9l\u00e8ves \u00e9tant venus \u00e0 v\u00e9lo \u00e0 l&#8217;\u00e9cole le vendredi ) \/ ( nb d&#8217;\u00e9l\u00e8ves inscrits x 4 )<\/em><\/p>\n\n\n\n<p>L&#8217;Association confirme au R\u00e9f\u00e9rent, par retour de mail, la prise en compte de l&#8217;inscription de l&#8217;\u00e9cole et communique le mot de passe permettant d&#8217;acc\u00e9der \u00e0 la page &#8220;Saisie des comptages&#8221;. Elle met \u00e0 jour le r\u00e9f\u00e9rentiel des \u00e9coles, et en particulier le nb d&#8217;\u00e9l\u00e8ves inscrits qui sera pris en compte dans  le suivi de participation.<\/p>\n\n\n\n<figure class=\"wp-block-image size-full\"><img fetchpriority=\"high\" decoding=\"async\" width=\"800\" height=\"340\" src=\"https:\/\/ecoliers-cyclistes.avelomalo.fr\/wp-content\/uploads\/2025\/03\/Composition-Ecan-Comptage-28ko.png\" alt=\"Application Semaine Ecoliers Cyclistes\" class=\"wp-image-856\" srcset=\"https:\/\/ecoliers-cyclistes.avelomalo.fr\/wp-content\/uploads\/2025\/03\/Composition-Ecan-Comptage-28ko.png 800w, https:\/\/ecoliers-cyclistes.avelomalo.fr\/wp-content\/uploads\/2025\/03\/Composition-Ecan-Comptage-28ko-300x128.png 300w, https:\/\/ecoliers-cyclistes.avelomalo.fr\/wp-content\/uploads\/2025\/03\/Composition-Ecan-Comptage-28ko-768x326.png 768w\" sizes=\"(max-width: 800px) 100vw, 800px\" \/><\/figure>\n\n\n\n<h3 class=\"wp-block-heading\">Comptage des \u00e9l\u00e8ves<\/h3>\n\n\n\n<p>Le r\u00e9f\u00e9rent communique son comptage \u00e0 l&#8217;association AV\u00e9loMalo de telle sorte que le tableau de suivi soit mis \u00e0 jour. Pour ce faire, le r\u00e9f\u00e9rent peut<\/p>\n\n\n\n<ul class=\"wp-block-list\">\n<li>soit saisir son comptage sur la page &#8220;Saisie Participation&#8221;. Cette page est prot\u00e9g\u00e9e par un mot de passe. Le tableau est mis \u00e0 jour automatiquement quelques minutes apr\u00e8s la saisie. Pensez \u00e0 rafraichir le cache de son navigateur, pour voir l&#8217;actualisation de la page. Le jour suivant, le r\u00e9f\u00e9rent mettra \u00e0 jour sa saisie sur cette m\u00eame page.<\/li>\n\n\n\n<li>Soit envoyer chaque jour un mail \u00e0 Contact@Avelomalo.fr. L&#8217;association A V\u00e9lo Malo met \u00e0 jour le tableau en fin de journ\u00e9e \u00e0 18h.<\/li>\n\n\n\n<li>soit envoyer en fin de semaine, le vendredi 25 Mai, un mail \u00e0 Contact@Avelomalo.fr, avec le comptage des 4 jours de la semaine. L&#8217;association AV\u00e9loMalo met \u00e0 jour le tableau le vendredi 23 mai \u00e0 20h.<\/li>\n<\/ul>\n\n\n\n<p>Les r\u00e9f\u00e9rents qui communiqueront leur comptage chaque jour, pourront ainsi voir la progression de leur \u00e9coles et le positionnement par rapport aux autres \u00e9coles, en consultant la page Suivi Participation.<\/p>\n\n\n\n<p><\/p>\n","protected":false},"excerpt":{"rendered":"<p>L&#8217;\u00e9cole souhaitant participer \u00e0 la Semaine des Ecoliers Cyclistes d\u00e9signe un R\u00e9f\u00e9rent, au sein de l&#8217;\u00e9quipe \u00e9ducative. Ce R\u00e9f\u00e9rent envoie un mail \u00e0 contact@Av\u00e9loMalo.fr, en indiquant le nom de l&#8217;\u00e9cole, le nom du r\u00e9f\u00e9rent, une adresse mail et\/ou un num\u00e9ro de t\u00e9l\u00e9phone et le nombre d&#8217;\u00e9l\u00e8ves inscrits \u00e0 la Semaine (cela permettra de calculer le [&hellip;]<\/p>\n","protected":false},"author":1,"featured_media":0,"parent":0,"menu_order":0,"comment_status":"closed","ping_status":"closed","template":"","meta":{"footnotes":""},"class_list":["post-263","page","type-page","status-publish","hentry"],"_links":{"self":[{"href":"https:\/\/ecoliers-cyclistes.avelomalo.fr\/index.php\/wp-json\/wp\/v2\/pages\/263","targetHints":{"allow":["GET"]}}],"collection":[{"href":"https:\/\/ecoliers-cyclistes.avelomalo.fr\/index.php\/wp-json\/wp\/v2\/pages"}],"about":[{"href":"https:\/\/ecoliers-cyclistes.avelomalo.fr\/index.php\/wp-json\/wp\/v2\/types\/page"}],"author":[{"embeddable":true,"href":"https:\/\/ecoliers-cyclistes.avelomalo.fr\/index.php\/wp-json\/wp\/v2\/users\/1"}],"replies":[{"embeddable":true,"href":"https:\/\/ecoliers-cyclistes.avelomalo.fr\/index.php\/wp-json\/wp\/v2\/comments?post=263"}],"version-history":[{"count":13,"href":"https:\/\/ecoliers-cyclistes.avelomalo.fr\/index.php\/wp-json\/wp\/v2\/pages\/263\/revisions"}],"predecessor-version":[{"id":859,"href":"https:\/\/ecoliers-cyclistes.avelomalo.fr\/index.php\/wp-json\/wp\/v2\/pages\/263\/revisions\/859"}],"wp:attachment":[{"href":"https:\/\/ecoliers-cyclistes.avelomalo.fr\/index.php\/wp-json\/wp\/v2\/media?parent=263"}],"curies":[{"name":"wp","href":"https:\/\/api.w.org\/{rel}","templated":true}]}}